{"id":1071,"date":"2012-09-27T21:03:55","date_gmt":"2012-09-27T21:03:55","guid":{"rendered":"https:\/\/spanjenatuurlijk.nl\/nl\/?page_id=1071"},"modified":"2019-11-27T17:17:43","modified_gmt":"2019-11-27T17:17:43","slug":"wandelen-sierra-nevada","status":"publish","type":"page","link":"https:\/\/spanjenatuurlijk.nl\/nl\/wandelen-sierra-nevada\/","title":{"rendered":"Wandelen Sierra Nevada, abseilen, feesten en strand"},"content":{"rendered":"\n<h2 class=\"wp-block-heading\"><strong>Wandelen Sierra Nevada en in de Alpujarras <\/strong><\/h2>\n\n\n\n<p>De Alpujarras aan de voet van de Sierra Nevada kent oneindig veel wandelpaden. Overal waar je kijkt zie je wandelpaden. Hoger in de Sierra Nevada kun je ook in de zomer nog goed wandelen, omdat het daar minder warm wordt.<\/p>\n\n\n\n<p>Wandelroutes om te wandelen in de Sierra Nevada vind je op de <a title=\"naar GPS wandelroutes Alpujarras de5van.nl\" rel=\"noopener noreferrer\" href=\"http:\/\/de5van.nl\/Alpujarra\/wandelenroutes-alpujarra-gps.aspx\" target=\"_blank\">Nederlandse website de5van.nl<\/a><\/p>\n\n\n\n<figure class=\"wp-block-gallery columns-3 is-cropped wp-block-gallery-2 is-layout-flex wp-block-gallery-is-layout-flex\"><ul class=\"blocks-gallery-grid\"><li class=\"blocks-gallery-item\"><figure><img loading=\"lazy\" decoding=\"async\" width=\"1024\" height=\"590\" src=\"https:\/\/spanjenatuurlijk.nl\/nl\/wp-content\/uploads\/2019\/11\/Fotolia_17741654_Subscription_L-1024x590.jpg\" alt=\"Wandelen Sierra Nevada\" data-id=\"8977\" data-link=\"https:\/\/spanjenatuurlijk.nl\/nl\/wandelen-sierra-nevada\/walking-in-sierra-nevada-spain-5\/\" class=\"wp-image-8977\" srcset=\"https:\/\/spanjenatuurlijk.nl\/nl\/wp-content\/uploads\/2019\/11\/Fotolia_17741654_Subscription_L-1024x590.jpg 1024w, https:\/\/spanjenatuurlijk.nl\/nl\/wp-content\/uploads\/2019\/11\/Fotolia_17741654_Subscription_L-300x173.jpg 300w, https:\/\/spanjenatuurlijk.nl\/nl\/wp-content\/uploads\/2019\/11\/Fotolia_17741654_Subscription_L-768x443.jpg 768w, https:\/\/spanjenatuurlijk.nl\/nl\/wp-content\/uploads\/2019\/11\/Fotolia_17741654_Subscription_L-1536x885.jpg 1536w, https:\/\/spanjenatuurlijk.nl\/nl\/wp-content\/uploads\/2019\/11\/Fotolia_17741654_Subscription_L-2048x1180.jpg 2048w, https:\/\/spanjenatuurlijk.nl\/nl\/wp-content\/uploads\/2019\/11\/Fotolia_17741654_Subscription_L-650x375.jpg 650w\" sizes=\"(max-width: 1024px) 100vw, 1024px\" \/><\/figure><\/li><li class=\"blocks-gallery-item\"><figure><img loading=\"lazy\" decoding=\"async\" width=\"1024\" height=\"683\" src=\"https:\/\/spanjenatuurlijk.nl\/nl\/wp-content\/uploads\/2019\/11\/MH_120607_alpu_2994-1024x683.jpg\" alt=\"\" data-id=\"8985\" data-link=\"https:\/\/spanjenatuurlijk.nl\/nl\/wandelen-sierra-nevada\/mh_120607_alpu_2994\/\" class=\"wp-image-8985\" srcset=\"https:\/\/spanjenatuurlijk.nl\/nl\/wp-content\/uploads\/2019\/11\/MH_120607_alpu_2994-1024x683.jpg 1024w, https:\/\/spanjenatuurlijk.nl\/nl\/wp-content\/uploads\/2019\/11\/MH_120607_alpu_2994-300x200.jpg 300w, https:\/\/spanjenatuurlijk.nl\/nl\/wp-content\/uploads\/2019\/11\/MH_120607_alpu_2994-768x512.jpg 768w, https:\/\/spanjenatuurlijk.nl\/nl\/wp-content\/uploads\/2019\/11\/MH_120607_alpu_2994-1536x1024.jpg 1536w, https:\/\/spanjenatuurlijk.nl\/nl\/wp-content\/uploads\/2019\/11\/MH_120607_alpu_2994-2048x1365.jpg 2048w, https:\/\/spanjenatuurlijk.nl\/nl\/wp-content\/uploads\/2019\/11\/MH_120607_alpu_2994-650x433.jpg 650w\" sizes=\"(max-width: 1024px) 100vw, 1024px\" \/><\/figure><\/li><li class=\"blocks-gallery-item\"><figure><img loading=\"lazy\" decoding=\"async\" width=\"1024\" height=\"683\" src=\"https:\/\/spanjenatuurlijk.nl\/nl\/wp-content\/uploads\/2019\/11\/MH_120607_alpu_2956-1024x683.jpg\" alt=\"\" data-id=\"8988\" data-full-url=\"https:\/\/spanjenatuurlijk.nl\/nl\/wp-content\/uploads\/2019\/11\/MH_120607_alpu_2956.jpg\" data-link=\"https:\/\/spanjenatuurlijk.nl\/nl\/wandelen-sierra-nevada\/mh_120607_alpu_2956\/\" class=\"wp-image-8988\" srcset=\"https:\/\/spanjenatuurlijk.nl\/nl\/wp-content\/uploads\/2019\/11\/MH_120607_alpu_2956-1024x683.jpg 1024w, https:\/\/spanjenatuurlijk.nl\/nl\/wp-content\/uploads\/2019\/11\/MH_120607_alpu_2956-300x200.jpg 300w, https:\/\/spanjenatuurlijk.nl\/nl\/wp-content\/uploads\/2019\/11\/MH_120607_alpu_2956-768x512.jpg 768w, https:\/\/spanjenatuurlijk.nl\/nl\/wp-content\/uploads\/2019\/11\/MH_120607_alpu_2956-1536x1024.jpg 1536w, https:\/\/spanjenatuurlijk.nl\/nl\/wp-content\/uploads\/2019\/11\/MH_120607_alpu_2956-2048x1365.jpg 2048w, https:\/\/spanjenatuurlijk.nl\/nl\/wp-content\/uploads\/2019\/11\/MH_120607_alpu_2956-650x433.jpg 650w\" sizes=\"(max-width: 1024px) 100vw, 1024px\" \/><\/figure><\/li><\/ul><\/figure>\n\n\n\n<h2 class=\"wp-block-heading\"><strong>Bergbeklimmen, abseilen, wandelen met gids of mountainbiken<\/strong><\/h2>\n\n\n\n<p>Er gaat in de zomer een busje vanuit Capileira naar het hoogste punt tot waar een auto kan komen. Dan loop je in 1 dag naar de top van de Mulhacen en weer terug. <\/p>\n\n\n\n<p>Je kunt ook met een gids een dagtocht boeken naar de Mulhac\u00e9n, de hoogste berg van het vaste land van Spanje, deels ga je dan met een 4&#215;4 auto. Prijs: circa 55 euro p.p., minimaal 4 deelnemers.<\/p>\n\n\n\n<p>Voor meer informatie, bezoek het informatiecentrum van Nevadensis in het dorp Pampaneira of kijk op de (helaas alleen Spaanstalige) website van <a href=\"http:\/\/www.nevadensis.com\">Nevadensis<\/a> <br><\/p>\n\n\n\n<p>Meer informatie over de Refugio Poqueira en de mogelijkheden om tijdens een trektocht te overnachten op 2500 meter hoogte. <a title=\"naar website Refugio Poqueira\" rel=\"noopener noreferrer\" href=\"http:\/\/refugiopoqueira.com\/\" target=\"_blank\">http:\/\/refugiopoqueira.com\/<\/a><\/p>\n\n\n\n<p>Je kunt er ook kijken naar verschillende webcams naar de Veleta, de Mulhac\u00e9n en de Barranco de Poqueira.<\/p>\n\n\n\n<p>Ga niet buiten de zomer op eigen houtje de hoogste berg beklimmen. Het weer bovenin de bergen kan verraderlijk zijn. Neem altijd eerst contact op met een ervaren gids, zoals Nevadensis.<\/p>\n\n\n<p>\n<!--StartFragment--><\/p>\n\n\n<h2 class=\"wp-block-heading\"><strong>Zwemmen<\/strong><\/h2>\n\n\n\n<p><span style=\"text-decoration: underline;\">Pitres:<\/span> De camping van Pitres heeft een fijn zwembad, voor iedereen toegankelijk tegen betaling. Alleen open in de zomer.<br>Adres: Carretera \u00d3rgiva-Ug\u00edjar Km. 51 in Pitres. Dat is buiten Pitres, in de richting Pampaneira, Bubi\u00f3n en Capileira.<\/p>\n\n\n\n<p><span style=\"text-decoration: underline;\">Mecina Fondales:<\/span> Hotel Mecina Fondales heeft een heerlijk zoutwater zwembad. Daar kun je tegen betaling gebruik van maken. Het zwembad is geopend vanaf mei t\/m de zomer. Met een grote tuin en een goed terras. Adres: Carretera la Fuente, Mecina Fondales, bij binnenkomst in Mecina, gelijk rechts.<\/p>\n\n\n\n<h2 class=\"wp-block-heading\"><strong>Paardrijden<\/strong><\/h2>\n\n\n\n<p>Meerdere dagen paardrijden, een dag of een uurtje:<br>1 dag paardrijden en lunch kost ongeveer 100 euro p.p. (minimaal 2 personen).<\/p>\n\n\n\n<p>Bubi\u00f3n, Cabalgar Rutas Alternativas, Engelstalig website: <a title=\"naar website 'riding andalucia'\" href=\"http:\/\/ridingandalucia.com\" target=\"_blank\" rel=\"noopener noreferrer\">http:\/\/ridingandalucia.com<\/a><\/p>\n\n\n\n<p>Bubi\u00f3n, Dallas, Engelstalige website: <a href=\"https:\/\/www.spain-horse-riding.com\/\" target=\"_blank\" rel=\"noreferrer noopener\" aria-label=\"http:\/\/www.spain-horse-riding.com (opens in a new tab)\">http:\/\/www.spain-horse-riding.com<\/a><\/p>\n\n\n<p><!--EndFragment--><\/p>\n\n\n<h2 class=\"wp-block-heading\"><strong>Dorpsfeesten<\/strong><\/h2>\n\n\n\n<p>Augustus is vakantiemaand in Spanje. Elk dorp in de Alpujarras, hoe klein ook, organiseert dan zijn &#8216;Fiesta&#8217;. Vari\u00ebrend van enkele dagen tot een week. Het programma wordt omlijst met vuurwerk. Vaste onderdelen zijn vaak: een processie waarin de beelden van de heiligen uit de lokale kerk worden rondgedragen, gezamenlijk paella eten op het dorpsplein en tot diep in de nacht buiten dansen op de maten van de livemuziek. Wie mee wil feesten is van harte welkom. Wie houdt van stilte, kan de feestende dorpen beter mijden. Ook buiten de zomer zijn er regelmatig, vaak van oorsprong religieuze feesten. Feesten worden vlak van tevoren aangekondigd op aanplakbiljetten in de dorpen. <\/p>\n\n\n\n<figure class=\"wp-block-gallery columns-2 is-cropped wp-block-gallery-3 is-layout-flex wp-block-gallery-is-layout-flex\"><ul class=\"blocks-gallery-grid\"><li class=\"blocks-gallery-item\"><figure><img loading=\"lazy\" decoding=\"async\" width=\"1024\" height=\"683\" src=\"https:\/\/spanjenatuurlijk.nl\/nl\/wp-content\/uploads\/2019\/11\/MH_120805_alpu_6819-1024x683.jpg\" alt=\"\" data-id=\"8979\" data-link=\"https:\/\/spanjenatuurlijk.nl\/nl\/wandelen-sierra-nevada\/mh_120805_alpu_6819\/\" class=\"wp-image-8979\" srcset=\"https:\/\/spanjenatuurlijk.nl\/nl\/wp-content\/uploads\/2019\/11\/MH_120805_alpu_6819-1024x683.jpg 1024w, https:\/\/spanjenatuurlijk.nl\/nl\/wp-content\/uploads\/2019\/11\/MH_120805_alpu_6819-300x200.jpg 300w, https:\/\/spanjenatuurlijk.nl\/nl\/wp-content\/uploads\/2019\/11\/MH_120805_alpu_6819-768x512.jpg 768w, https:\/\/spanjenatuurlijk.nl\/nl\/wp-content\/uploads\/2019\/11\/MH_120805_alpu_6819-1536x1024.jpg 1536w, https:\/\/spanjenatuurlijk.nl\/nl\/wp-content\/uploads\/2019\/11\/MH_120805_alpu_6819-2048x1365.jpg 2048w, https:\/\/spanjenatuurlijk.nl\/nl\/wp-content\/uploads\/2019\/11\/MH_120805_alpu_6819-650x433.jpg 650w\" sizes=\"(max-width: 1024px) 100vw, 1024px\" \/><figcaption class=\"blocks-gallery-item__caption\">Paella op het dorpsplein<\/figcaption><\/figure><\/li><li class=\"blocks-gallery-item\"><figure><img loading=\"lazy\" decoding=\"async\" width=\"1024\" height=\"683\" src=\"https:\/\/spanjenatuurlijk.nl\/nl\/wp-content\/uploads\/2019\/11\/MH_120804_alpu_6601-1024x683.jpg\" alt=\"\" data-id=\"8982\" data-full-url=\"https:\/\/spanjenatuurlijk.nl\/nl\/wp-content\/uploads\/2019\/11\/MH_120804_alpu_6601.jpg\" data-link=\"https:\/\/spanjenatuurlijk.nl\/nl\/wandelen-sierra-nevada\/mh_120804_alpu_6601\/\" class=\"wp-image-8982\" srcset=\"https:\/\/spanjenatuurlijk.nl\/nl\/wp-content\/uploads\/2019\/11\/MH_120804_alpu_6601-1024x683.jpg 1024w, https:\/\/spanjenatuurlijk.nl\/nl\/wp-content\/uploads\/2019\/11\/MH_120804_alpu_6601-300x200.jpg 300w, https:\/\/spanjenatuurlijk.nl\/nl\/wp-content\/uploads\/2019\/11\/MH_120804_alpu_6601-768x512.jpg 768w, https:\/\/spanjenatuurlijk.nl\/nl\/wp-content\/uploads\/2019\/11\/MH_120804_alpu_6601-1536x1024.jpg 1536w, https:\/\/spanjenatuurlijk.nl\/nl\/wp-content\/uploads\/2019\/11\/MH_120804_alpu_6601-2048x1365.jpg 2048w, https:\/\/spanjenatuurlijk.nl\/nl\/wp-content\/uploads\/2019\/11\/MH_120804_alpu_6601-650x433.jpg 650w\" sizes=\"(max-width: 1024px) 100vw, 1024px\" \/><figcaption class=\"blocks-gallery-item__caption\">Processie in Mecina Fondales<\/figcaption><\/figure><\/li><\/ul><\/figure>\n\n\n\n<h2 class=\"wp-block-heading\"><strong>Uit eten en borrelen<\/strong><\/h2>\n\n\n\n<p>Spanjaarden kennen geen volle agenda&#8217;s, maar ontmoeten elkaar op het dorpsplein of in de bar. De Alpujarras telt veel authentieke Spaanse barretjes en restaurants. Deze nog onvolledige foto impressie is gemaakt in een paar dorpen van la Taha. Ook de dorpen in de Poqueira heeft veel restaurants en barretjes. Vrijwel alle horecagelegenheden organiseren regelmatig optredens, meestal van muziek, soms van dans. Ze worden kort tevoren aangekondigd via aanplakbiljetten in de dorpen en langs de weg<\/p>\n\n\n\n<h2 class=\"wp-block-heading\">Strand<\/h2>\n\n\n\n<p><strong>De Costa Tropical<\/strong>, \u2018onze\u2019 kust op een uurtje rijden vanaf de Alpujarras heeft zachte winters en is heerlijk om een dagje af te koelen in de zomer. La Herradura en Almu\u00f1ecar vinden wij zelf de leukste badplaatsen, redelijk authentiek Spaans en dicht bij natuurgebied Cerro Gordo. <a title=\"strand Andalusie bij natuurgebied Cerro Gordo\" href=\"https:\/\/spanjenatuurlijk.nl\/nl\/strand-andalusie\/\">Meer informatie<\/a> <\/p>\n\n\n\n<figure class=\"wp-block-gallery columns-2 is-cropped wp-block-gallery-4 is-layout-flex wp-block-gallery-is-layout-flex\"><ul class=\"blocks-gallery-grid\"><li class=\"blocks-gallery-item\"><figure><img loading=\"lazy\" decoding=\"async\" width=\"1024\" height=\"768\" src=\"https:\/\/spanjenatuurlijk.nl\/nl\/wp-content\/uploads\/2019\/11\/strand-salobrena-costa-tropical-vakantiehuizen-andalusie-spanje-natuurlijk_1238-1024x768.jpg\" alt=\"\" data-id=\"8963\" data-link=\"https:\/\/spanjenatuurlijk.nl\/nl\/wandelen-sierra-nevada\/strand-salobrena-costa-tropical-vakantiehuizen-andalusie-spanje-natuurlijk_1238\/\" class=\"wp-image-8963\" srcset=\"https:\/\/spanjenatuurlijk.nl\/nl\/wp-content\/uploads\/2019\/11\/strand-salobrena-costa-tropical-vakantiehuizen-andalusie-spanje-natuurlijk_1238-1024x768.jpg 1024w, https:\/\/spanjenatuurlijk.nl\/nl\/wp-content\/uploads\/2019\/11\/strand-salobrena-costa-tropical-vakantiehuizen-andalusie-spanje-natuurlijk_1238-300x225.jpg 300w, https:\/\/spanjenatuurlijk.nl\/nl\/wp-content\/uploads\/2019\/11\/strand-salobrena-costa-tropical-vakantiehuizen-andalusie-spanje-natuurlijk_1238-768x576.jpg 768w, https:\/\/spanjenatuurlijk.nl\/nl\/wp-content\/uploads\/2019\/11\/strand-salobrena-costa-tropical-vakantiehuizen-andalusie-spanje-natuurlijk_1238-1536x1152.jpg 1536w, https:\/\/spanjenatuurlijk.nl\/nl\/wp-content\/uploads\/2019\/11\/strand-salobrena-costa-tropical-vakantiehuizen-andalusie-spanje-natuurlijk_1238-2048x1536.jpg 2048w, https:\/\/spanjenatuurlijk.nl\/nl\/wp-content\/uploads\/2019\/11\/strand-salobrena-costa-tropical-vakantiehuizen-andalusie-spanje-natuurlijk_1238-650x488.jpg 650w\" sizes=\"(max-width: 1024px) 100vw, 1024px\" \/><figcaption class=\"blocks-gallery-item__caption\">Salobre\u00f1a, Costa Tropical<\/figcaption><\/figure><\/li><li class=\"blocks-gallery-item\"><figure><img loading=\"lazy\" decoding=\"async\" width=\"1024\" height=\"768\" src=\"https:\/\/spanjenatuurlijk.nl\/nl\/wp-content\/uploads\/2019\/11\/kustlijn-cerro-gordo-costa-tropical-andalusie-spanje-natuurlijk_1596-1024x768.jpg\" alt=\"\" data-id=\"8964\" data-full-url=\"https:\/\/spanjenatuurlijk.nl\/nl\/wp-content\/uploads\/2019\/11\/kustlijn-cerro-gordo-costa-tropical-andalusie-spanje-natuurlijk_1596-scaled.jpg\" data-link=\"https:\/\/spanjenatuurlijk.nl\/nl\/wandelen-sierra-nevada\/kustlijn-cerro-gordo-costa-tropical-andalusie-spanje-natuurlijk_1596\/\" class=\"wp-image-8964\" srcset=\"https:\/\/spanjenatuurlijk.nl\/nl\/wp-content\/uploads\/2019\/11\/kustlijn-cerro-gordo-costa-tropical-andalusie-spanje-natuurlijk_1596-1024x768.jpg 1024w, https:\/\/spanjenatuurlijk.nl\/nl\/wp-content\/uploads\/2019\/11\/kustlijn-cerro-gordo-costa-tropical-andalusie-spanje-natuurlijk_1596-300x225.jpg 300w, https:\/\/spanjenatuurlijk.nl\/nl\/wp-content\/uploads\/2019\/11\/kustlijn-cerro-gordo-costa-tropical-andalusie-spanje-natuurlijk_1596-768x576.jpg 768w, https:\/\/spanjenatuurlijk.nl\/nl\/wp-content\/uploads\/2019\/11\/kustlijn-cerro-gordo-costa-tropical-andalusie-spanje-natuurlijk_1596-1536x1152.jpg 1536w, https:\/\/spanjenatuurlijk.nl\/nl\/wp-content\/uploads\/2019\/11\/kustlijn-cerro-gordo-costa-tropical-andalusie-spanje-natuurlijk_1596-2048x1536.jpg 2048w, https:\/\/spanjenatuurlijk.nl\/nl\/wp-content\/uploads\/2019\/11\/kustlijn-cerro-gordo-costa-tropical-andalusie-spanje-natuurlijk_1596-650x488.jpg 650w\" sizes=\"(max-width: 1024px) 100vw, 1024px\" \/><figcaption class=\"blocks-gallery-item__caption\">Zicht op Nerja vanaf Cerro Gordo<\/figcaption><\/figure><\/li><\/ul><\/figure>\n\n\n\n<h2 class=\"wp-block-heading\"><strong>Granada en het Alhambra<\/strong><\/h2>\n\n\n\n<p>Op een uurtje afstand van de Alpujarras ligt de stad Granada. De oude stad is niet alleen prachtig qua architectuur, maar ook erg gezellig vanwege de vele pleintjes en terrasjes. Tapas eten in Granada is een belevenis. Midden in Granada ligt het Alhambra, een middeleeuws paleis en fort van de Moorse heersers van het koninkrijk Granada in Andalusi\u00eb.&nbsp; In 1984 werden het Alhambra en de Generalife door UNESCO tot werelderfgoed verklaard. Granada en het Alhambra zijn een prima uitstapje vanuit de Alpujarras. <a href=\"https:\/\/spanjenatuurlijk.nl\/nl\/alhambra-granada-andalusie\/\">Meer informatie over Granada<\/a><\/p>\n","protected":false},"excerpt":{"rendered":"<p>Wandelen Sierra Nevada en in de Alpujarras De Alpujarras aan de voet van de Sierra Nevada kent oneindig veel wandelpaden. Overal waar je kijkt zie je wandelpaden. Hoger in de Sierra Nevada kun je ook in de zomer nog goed wandelen, omdat het daar minder warm wordt. Wandelroutes om te wandelen in de Sierra Nevada vind je op de Nederlandse website de5van.nl Bergbeklimmen, abseilen, wandelen met gids of mountainbiken Er gaat in de zomer een busje vanuit Capileira naar het hoogste punt tot waar een auto kan komen. Dan loop je in 1 dag naar de top van de Mulhacen en weer terug. Je kunt ook met een gids een dagtocht boeken naar de Mulhac\u00e9n, de hoogste berg van het vaste land van Spanje, deels ga je dan met een 4&#215;4 auto. Prijs: circa 55 euro p.p., minimaal 4 deelnemers. Voor meer informatie, bezoek het informatiecentrum van Nevadensis in het dorp Pampaneira of kijk op de (helaas alleen Spaanstalige) website van Nevadensis Meer informatie over de Refugio Poqueira en de mogelijkheden om tijdens een trektocht te overnachten op 2500 meter hoogte. http:\/\/refugiopoqueira.com\/ Je kunt er ook kijken naar verschillende webcams naar de Veleta, de Mulhac\u00e9n en de Barranco de Poqueira. Ga niet buiten de zomer op eigen houtje de hoogste berg beklimmen. Het weer bovenin de bergen kan verraderlijk zijn. Neem altijd eerst contact op met een ervaren gids, zoals Nevadensis. Zwemmen Pitres: De camping van Pitres heeft een fijn zwembad, voor iedereen toegankelijk tegen betaling. Alleen open in de zomer.Adres: Carretera \u00d3rgiva-Ug\u00edjar Km. 51 in Pitres. Dat is buiten Pitres, in de richting Pampaneira, Bubi\u00f3n en Capileira. Mecina Fondales: Hotel Mecina Fondales heeft een heerlijk zoutwater zwembad. Daar kun je tegen betaling gebruik van maken. Het zwembad is geopend vanaf mei t\/m de zomer. Met een grote [&hellip;]<\/p>\n","protected":false},"author":3,"featured_media":0,"parent":0,"menu_order":34,"comment_status":"closed","ping_status":"closed","template":"","meta":{"footnotes":""},"class_list":["post-1071","page","type-page","status-publish","hentry","post"],"yoast_head":"<!-- This site is optimized with the Yoast SEO plugin v25.6 - https:\/\/yoast.com\/wordpress\/plugins\/seo\/ -->\n<title>Wandelen Sierra Nevada, abseilen, feesten en strand - Spanje Natuurlijk<\/title>\n<meta name=\"description\" content=\"Wandelen Sierra Nevada en Alpujarras. Natuur, rust, wandelen. Dorpsfeesten, uit eten en borrelen, strand. Granada en het Alhambra. Spanje Natuurlijk\" \/>\n<meta name=\"robots\" content=\"index, follow, max-snippet:-1, max-image-preview:large, max-video-preview:-1\" \/>\n<link rel=\"canonical\" href=\"https:\/\/spanjenatuurlijk.nl\/nl\/wandelen-sierra-nevada\/\" \/>\n<meta property=\"og:locale\" content=\"en_US\" \/>\n<meta property=\"og:type\" content=\"article\" \/>\n<meta property=\"og:title\" content=\"Wandelen Sierra Nevada, abseilen, feesten en strand - Spanje Natuurlijk\" \/>\n<meta property=\"og:description\" content=\"Wandelen Sierra Nevada en Alpujarras. Natuur, rust, wandelen. Dorpsfeesten, uit eten en borrelen, strand. Granada en het Alhambra. Spanje Natuurlijk\" \/>\n<meta property=\"og:url\" content=\"https:\/\/spanjenatuurlijk.nl\/nl\/wandelen-sierra-nevada\/\" \/>\n<meta property=\"og:site_name\" content=\"Spanje Natuurlijk\" \/>\n<meta property=\"article:modified_time\" content=\"2019-11-27T17:17:43+00:00\" \/>\n<meta property=\"og:image\" content=\"https:\/\/spanjenatuurlijk.nl\/nl\/wp-content\/uploads\/2019\/11\/Fotolia_17741654_Subscription_L-1024x590.jpg\" \/>\n<meta name=\"twitter:card\" content=\"summary_large_image\" \/>\n<meta name=\"twitter:label1\" content=\"Est. reading time\" \/>\n\t<meta name=\"twitter:data1\" content=\"4 minutes\" \/>\n<script type=\"application\/ld+json\" class=\"yoast-schema-graph\">{\"@context\":\"https:\/\/schema.org\",\"@graph\":[{\"@type\":\"WebPage\",\"@id\":\"https:\/\/spanjenatuurlijk.nl\/nl\/wandelen-sierra-nevada\/\",\"url\":\"https:\/\/spanjenatuurlijk.nl\/nl\/wandelen-sierra-nevada\/\",\"name\":\"Wandelen Sierra Nevada, abseilen, feesten en strand - Spanje Natuurlijk\",\"isPartOf\":{\"@id\":\"https:\/\/spanjenatuurlijk.nl\/nl\/#website\"},\"primaryImageOfPage\":{\"@id\":\"https:\/\/spanjenatuurlijk.nl\/nl\/wandelen-sierra-nevada\/#primaryimage\"},\"image\":{\"@id\":\"https:\/\/spanjenatuurlijk.nl\/nl\/wandelen-sierra-nevada\/#primaryimage\"},\"thumbnailUrl\":\"https:\/\/spanjenatuurlijk.nl\/nl\/wp-content\/uploads\/2019\/11\/Fotolia_17741654_Subscription_L-1024x590.jpg\",\"datePublished\":\"2012-09-27T21:03:55+00:00\",\"dateModified\":\"2019-11-27T17:17:43+00:00\",\"description\":\"Wandelen Sierra Nevada en Alpujarras. Natuur, rust, wandelen. Dorpsfeesten, uit eten en borrelen, strand. Granada en het Alhambra. Spanje Natuurlijk\",\"breadcrumb\":{\"@id\":\"https:\/\/spanjenatuurlijk.nl\/nl\/wandelen-sierra-nevada\/#breadcrumb\"},\"inLanguage\":\"en-US\",\"potentialAction\":[{\"@type\":\"ReadAction\",\"target\":[\"https:\/\/spanjenatuurlijk.nl\/nl\/wandelen-sierra-nevada\/\"]}]},{\"@type\":\"ImageObject\",\"inLanguage\":\"en-US\",\"@id\":\"https:\/\/spanjenatuurlijk.nl\/nl\/wandelen-sierra-nevada\/#primaryimage\",\"url\":\"https:\/\/spanjenatuurlijk.nl\/nl\/wp-content\/uploads\/2019\/11\/Fotolia_17741654_Subscription_L-1024x590.jpg\",\"contentUrl\":\"https:\/\/spanjenatuurlijk.nl\/nl\/wp-content\/uploads\/2019\/11\/Fotolia_17741654_Subscription_L-1024x590.jpg\"},{\"@type\":\"BreadcrumbList\",\"@id\":\"https:\/\/spanjenatuurlijk.nl\/nl\/wandelen-sierra-nevada\/#breadcrumb\",\"itemListElement\":[{\"@type\":\"ListItem\",\"position\":1,\"name\":\"Home\",\"item\":\"https:\/\/spanjenatuurlijk.nl\/nl\/\"},{\"@type\":\"ListItem\",\"position\":2,\"name\":\"Wandelen Sierra Nevada, abseilen, feesten en strand\"}]},{\"@type\":\"WebSite\",\"@id\":\"https:\/\/spanjenatuurlijk.nl\/nl\/#website\",\"url\":\"https:\/\/spanjenatuurlijk.nl\/nl\/\",\"name\":\"Spanje Natuurlijk\",\"description\":\"vakantiehuizen in Andalusie\",\"publisher\":{\"@id\":\"https:\/\/spanjenatuurlijk.nl\/nl\/#organization\"},\"potentialAction\":[{\"@type\":\"SearchAction\",\"target\":{\"@type\":\"EntryPoint\",\"urlTemplate\":\"https:\/\/spanjenatuurlijk.nl\/nl\/?s={search_term_string}\"},\"query-input\":{\"@type\":\"PropertyValueSpecification\",\"valueRequired\":true,\"valueName\":\"search_term_string\"}}],\"inLanguage\":\"en-US\"},{\"@type\":\"Organization\",\"@id\":\"https:\/\/spanjenatuurlijk.nl\/nl\/#organization\",\"name\":\"Spanje Natuurlijk\",\"url\":\"https:\/\/spanjenatuurlijk.nl\/nl\/\",\"logo\":{\"@type\":\"ImageObject\",\"inLanguage\":\"en-US\",\"@id\":\"https:\/\/spanjenatuurlijk.nl\/nl\/#\/schema\/logo\/image\/\",\"url\":\"https:\/\/spanjenatuurlijk.nl\/nl\/wp-content\/uploads\/2019\/11\/cropped-spanjenatuurlijk-nl-logo-339-met-margin-e1574333147264.jpg\",\"contentUrl\":\"https:\/\/spanjenatuurlijk.nl\/nl\/wp-content\/uploads\/2019\/11\/cropped-spanjenatuurlijk-nl-logo-339-met-margin-e1574333147264.jpg\",\"width\":250,\"height\":121,\"caption\":\"Spanje Natuurlijk\"},\"image\":{\"@id\":\"https:\/\/spanjenatuurlijk.nl\/nl\/#\/schema\/logo\/image\/\"}}]}<\/script>\n<!-- \/ Yoast SEO plugin. -->","yoast_head_json":{"title":"Wandelen Sierra Nevada, abseilen, feesten en strand - Spanje Natuurlijk","description":"Wandelen Sierra Nevada en Alpujarras. Natuur, rust, wandelen. Dorpsfeesten, uit eten en borrelen, strand. Granada en het Alhambra. Spanje Natuurlijk","robots":{"index":"index","follow":"follow","max-snippet":"max-snippet:-1","max-image-preview":"max-image-preview:large","max-video-preview":"max-video-preview:-1"},"canonical":"https:\/\/spanjenatuurlijk.nl\/nl\/wandelen-sierra-nevada\/","og_locale":"en_US","og_type":"article","og_title":"Wandelen Sierra Nevada, abseilen, feesten en strand - Spanje Natuurlijk","og_description":"Wandelen Sierra Nevada en Alpujarras. Natuur, rust, wandelen. Dorpsfeesten, uit eten en borrelen, strand. Granada en het Alhambra. Spanje Natuurlijk","og_url":"https:\/\/spanjenatuurlijk.nl\/nl\/wandelen-sierra-nevada\/","og_site_name":"Spanje Natuurlijk","article_modified_time":"2019-11-27T17:17:43+00:00","og_image":[{"url":"https:\/\/spanjenatuurlijk.nl\/nl\/wp-content\/uploads\/2019\/11\/Fotolia_17741654_Subscription_L-1024x590.jpg","type":"","width":"","height":""}],"twitter_card":"summary_large_image","twitter_misc":{"Est. reading time":"4 minutes"},"schema":{"@context":"https:\/\/schema.org","@graph":[{"@type":"WebPage","@id":"https:\/\/spanjenatuurlijk.nl\/nl\/wandelen-sierra-nevada\/","url":"https:\/\/spanjenatuurlijk.nl\/nl\/wandelen-sierra-nevada\/","name":"Wandelen Sierra Nevada, abseilen, feesten en strand - Spanje Natuurlijk","isPartOf":{"@id":"https:\/\/spanjenatuurlijk.nl\/nl\/#website"},"primaryImageOfPage":{"@id":"https:\/\/spanjenatuurlijk.nl\/nl\/wandelen-sierra-nevada\/#primaryimage"},"image":{"@id":"https:\/\/spanjenatuurlijk.nl\/nl\/wandelen-sierra-nevada\/#primaryimage"},"thumbnailUrl":"https:\/\/spanjenatuurlijk.nl\/nl\/wp-content\/uploads\/2019\/11\/Fotolia_17741654_Subscription_L-1024x590.jpg","datePublished":"2012-09-27T21:03:55+00:00","dateModified":"2019-11-27T17:17:43+00:00","description":"Wandelen Sierra Nevada en Alpujarras. Natuur, rust, wandelen. Dorpsfeesten, uit eten en borrelen, strand. Granada en het Alhambra. Spanje Natuurlijk","breadcrumb":{"@id":"https:\/\/spanjenatuurlijk.nl\/nl\/wandelen-sierra-nevada\/#breadcrumb"},"inLanguage":"en-US","potentialAction":[{"@type":"ReadAction","target":["https:\/\/spanjenatuurlijk.nl\/nl\/wandelen-sierra-nevada\/"]}]},{"@type":"ImageObject","inLanguage":"en-US","@id":"https:\/\/spanjenatuurlijk.nl\/nl\/wandelen-sierra-nevada\/#primaryimage","url":"https:\/\/spanjenatuurlijk.nl\/nl\/wp-content\/uploads\/2019\/11\/Fotolia_17741654_Subscription_L-1024x590.jpg","contentUrl":"https:\/\/spanjenatuurlijk.nl\/nl\/wp-content\/uploads\/2019\/11\/Fotolia_17741654_Subscription_L-1024x590.jpg"},{"@type":"BreadcrumbList","@id":"https:\/\/spanjenatuurlijk.nl\/nl\/wandelen-sierra-nevada\/#breadcrumb","itemListElement":[{"@type":"ListItem","position":1,"name":"Home","item":"https:\/\/spanjenatuurlijk.nl\/nl\/"},{"@type":"ListItem","position":2,"name":"Wandelen Sierra Nevada, abseilen, feesten en strand"}]},{"@type":"WebSite","@id":"https:\/\/spanjenatuurlijk.nl\/nl\/#website","url":"https:\/\/spanjenatuurlijk.nl\/nl\/","name":"Spanje Natuurlijk","description":"vakantiehuizen in Andalusie","publisher":{"@id":"https:\/\/spanjenatuurlijk.nl\/nl\/#organization"},"potentialAction":[{"@type":"SearchAction","target":{"@type":"EntryPoint","urlTemplate":"https:\/\/spanjenatuurlijk.nl\/nl\/?s={search_term_string}"},"query-input":{"@type":"PropertyValueSpecification","valueRequired":true,"valueName":"search_term_string"}}],"inLanguage":"en-US"},{"@type":"Organization","@id":"https:\/\/spanjenatuurlijk.nl\/nl\/#organization","name":"Spanje Natuurlijk","url":"https:\/\/spanjenatuurlijk.nl\/nl\/","logo":{"@type":"ImageObject","inLanguage":"en-US","@id":"https:\/\/spanjenatuurlijk.nl\/nl\/#\/schema\/logo\/image\/","url":"https:\/\/spanjenatuurlijk.nl\/nl\/wp-content\/uploads\/2019\/11\/cropped-spanjenatuurlijk-nl-logo-339-met-margin-e1574333147264.jpg","contentUrl":"https:\/\/spanjenatuurlijk.nl\/nl\/wp-content\/uploads\/2019\/11\/cropped-spanjenatuurlijk-nl-logo-339-met-margin-e1574333147264.jpg","width":250,"height":121,"caption":"Spanje Natuurlijk"},"image":{"@id":"https:\/\/spanjenatuurlijk.nl\/nl\/#\/schema\/logo\/image\/"}}]}},"_links":{"self":[{"href":"https:\/\/spanjenatuurlijk.nl\/nl\/wp-json\/wp\/v2\/pages\/1071"}],"collection":[{"href":"https:\/\/spanjenatuurlijk.nl\/nl\/wp-json\/wp\/v2\/pages"}],"about":[{"href":"https:\/\/spanjenatuurlijk.nl\/nl\/wp-json\/wp\/v2\/types\/page"}],"author":[{"embeddable":true,"href":"https:\/\/spanjenatuurlijk.nl\/nl\/wp-json\/wp\/v2\/users\/3"}],"replies":[{"embeddable":true,"href":"https:\/\/spanjenatuurlijk.nl\/nl\/wp-json\/wp\/v2\/comments?post=1071"}],"version-history":[{"count":20,"href":"https:\/\/spanjenatuurlijk.nl\/nl\/wp-json\/wp\/v2\/pages\/1071\/revisions"}],"predecessor-version":[{"id":9046,"href":"https:\/\/spanjenatuurlijk.nl\/nl\/wp-json\/wp\/v2\/pages\/1071\/revisions\/9046"}],"wp:attachment":[{"href":"https:\/\/spanjenatuurlijk.nl\/nl\/wp-json\/wp\/v2\/media?parent=1071"}],"curies":[{"name":"wp","href":"https:\/\/api.w.org\/{rel}","templated":true}]}}